{"id":886,"date":"2025-10-03T14:32:37","date_gmt":"2025-10-03T12:32:37","guid":{"rendered":"https:\/\/sabole.es\/?page_id=886"},"modified":"2025-10-03T14:33:26","modified_gmt":"2025-10-03T12:33:26","slug":"politica-de-privacidad","status":"publish","type":"page","link":"https:\/\/sabole.es\/fr\/politica-de-privacidad\/","title":{"rendered":"Politique de confidentialit\u00e9"},"content":{"rendered":"<div class=\"wpb-content-wrapper\"><section data-bg-image=\"url\" class=\"vc_row wpb_row vc_row-fluid vc_custom_1759411096157 row-contains-padding-top row-contains-padding-bottom liquid-row-shadowbox-69f1a9f051dfc vc_row-has-fill vc_row-has-bg vc_column-gap-30\"><div class=\"ld-container container\"><div class=\"row ld-row\"><div class=\"wpb_column vc_column_container vc_col-sm-2 liquid-column-69f1a9f05233d\"><div class=\"vc_column-inner\"><div class=\"wpb_wrapper\"   ><div class=\"wpb_wrapper-inner\"><\/div><\/div><\/div><\/div><div class=\"wpb_column vc_column_container vc_col-sm-8 text-center liquid-column-69f1a9f052583\"><div class=\"vc_column-inner\"><div class=\"wpb_wrapper\"   ><div class=\"wpb_wrapper-inner\"><style>.ld_fancy_heading_69f1a9f052661 h1{color:rgb(255, 205, 28);}.ld_fancy_heading_69f1a9f052661 .lqd-highlight-inner{bottom:0px;}<\/style><div class=\"ld-fancy-heading text-center ld_fancy_heading_69f1a9f052661\">\n\t<h1 class=\"lqd-highlight-underline lqd-highlight-grow-left\" ><span class=\"ld-fh-txt\"> Politique de confidentialit\u00e9<\/span><\/h1><\/div><\/div><\/div><\/div><\/div><div class=\"wpb_column vc_column_container vc_col-sm-2 liquid-column-69f1a9f052d40\"><div class=\"vc_column-inner\"><div class=\"wpb_wrapper\"   ><div class=\"wpb_wrapper-inner\"><\/div><\/div><\/div><\/div><\/div><\/div><\/section><section data-bg-image=\"url\" class=\"vc_row wpb_row vc_row-fluid vc_custom_1759411903068 row-contains-padding-top row-contains-padding-bottom liquid-row-shadowbox-69f1a9f052fa8 vc_row-has-fill vc_row-has-bg vc_column-gap-30\"><div class=\"ld-container container\"><div class=\"row ld-row\"><div class=\"wpb_column vc_column_container vc_col-sm-12 liquid-column-69f1a9f053303\"><div class=\"vc_column-inner\"><div class=\"wpb_wrapper\"   ><div class=\"wpb_wrapper-inner\">\n\t<div class=\"wpb_text_column wpb_content_element\" >\n\t\t<div class=\"wpb_wrapper\">\n\t\t\t<h3>1. INFORMATIONS \u00c0 L\u2019UTILISATEUR<\/h3>\n<p><strong>Qui est responsable du traitement de vos donn\u00e9es personnelles ?<\/strong><\/p>\n<p>MARIA ALEJANDRA CEDE\u00d1O CONTRERAS est le RESPONSABLE du traitement des donn\u00e9es personnelles de l\u2019UTILISATEUR et l\u2019informe que ces donn\u00e9es seront trait\u00e9es conform\u00e9ment aux dispositions du R\u00e8glement (UE) 2016\/679 du 27 avril (RGPD) et de la Loi Organique 3\/2018 du 5 d\u00e9cembre (LOPDGDD).<\/p>\n<p><strong>\u00c0 quelles fins traitons-nous vos donn\u00e9es personnelles ?<\/strong><\/p>\n<p>Pour maintenir une relation commerciale avec l\u2019utilisateur. Les op\u00e9rations pr\u00e9vues pour le traitement sont :<\/p>\n<ul>\n<li>L\u2019envoi de communications publicitaires commerciales par e-mail, fax, SMS, MMS, r\u00e9seaux sociaux ou tout autre moyen \u00e9lectronique ou physique, pr\u00e9sent ou futur, permettant la r\u00e9alisation de communications commerciales. Ces communications seront effectu\u00e9es par le RESPONSABLE et concerneront ses produits et services, ou ceux de ses partenaires ou fournisseurs avec lesquels il a conclu un accord promotionnel. Dans ce cas, les tiers n\u2019auront jamais acc\u00e8s aux donn\u00e9es personnelles.<\/li>\n<li>\u2022 La r\u00e9alisation d\u2019\u00e9tudes de march\u00e9 et d\u2019analyses statistiques.<\/li>\n<li>Le traitement de commandes, demandes, r\u00e9ponses aux consultations ou toute autre requ\u00eate formul\u00e9e par l\u2019UTILISATEUR \u00e0 travers l\u2019un des moyens de contact mis \u00e0 sa disposition sur le site web du RESPONSABLE.<\/li>\n<li>L\u2019envoi de la newsletter en ligne concernant les nouveaut\u00e9s, offres et promotions li\u00e9es \u00e0 notre activit\u00e9.<\/li>\n<\/ul>\n<p><strong>Pour quelle raison pouvons-nous traiter vos donn\u00e9es personnelles ?<\/strong><\/p>\n<p>Parce que le traitement est l\u00e9gitim\u00e9 par l\u2019article 6 du RGPD de la mani\u00e8re suivante :<\/p>\n<ul>\n<li>Avec le consentement de l\u2019UTILISATEUR : envoi de communications commerciales et de la newsletter.<\/li>\n<li>Par l\u2019int\u00e9r\u00eat l\u00e9gitime du RESPONSABLE : r\u00e9alisation d\u2019\u00e9tudes de march\u00e9, analyses statistiques, etc., et traitement de commandes, demandes, etc., \u00e0 la demande de l\u2019UTILISATEUR.<\/li>\n<\/ul>\n<p><strong>Pendant combien de temps conserverons-nous vos donn\u00e9es personnelles ?<\/strong><\/p>\n<p>Elles seront conserv\u00e9es pendant une dur\u00e9e n\u2019exc\u00e9dant pas celle n\u00e9cessaire pour maintenir la finalit\u00e9 du traitement ou tant qu\u2019il existera des prescriptions l\u00e9gales imposant leur conservation. Lorsqu\u2019elles ne seront plus n\u00e9cessaires \u00e0 cette fin, elles seront supprim\u00e9es avec des mesures de s\u00e9curit\u00e9 appropri\u00e9es garantissant l\u2019anonymisation des donn\u00e9es ou leur destruction totale.<\/p>\n<p><strong>\u00c0 qui communiquons-nous vos donn\u00e9es personnelles ?<\/strong><\/p>\n<p>Aucune communication de donn\u00e9es personnelles \u00e0 des tiers n\u2019est pr\u00e9vue, sauf si cela est n\u00e9cessaire au d\u00e9veloppement et \u00e0 l\u2019ex\u00e9cution des finalit\u00e9s du traitement, \u00e0 nos prestataires de services li\u00e9s aux communications, avec lesquels le RESPONSABLE a conclu les contrats de confidentialit\u00e9 et de sous-traitance exig\u00e9s par la r\u00e9glementation en vigueur en mati\u00e8re de protection des donn\u00e9es.<\/p>\n<p><strong>Quels sont vos droits ?<\/strong><\/p>\n<p>L\u2019UTILISATEUR dispose des droits suivants :<\/p>\n<ul>\n<li>Droit de retirer son consentement \u00e0 tout moment.<\/li>\n<li>Droit d\u2019acc\u00e8s, de rectification, de portabilit\u00e9 et de suppression de ses donn\u00e9es, ainsi que de limitation ou d\u2019opposition \u00e0 leur traitement.<\/li>\n<li>Droit d\u2019introduire une r\u00e9clamation aupr\u00e8s de l\u2019autorit\u00e9 de contr\u00f4le (www.aepd.es) s\u2019il consid\u00e8re que le traitement n\u2019est pas conforme \u00e0 la r\u00e9glementation en vigueur.<\/li>\n<\/ul>\n<p><strong>Coordonn\u00e9es pour exercer vos droits :<\/strong><\/p>\n<p>MARIA ALEJANDRA CEDE\u00d1O CONTRERAS. Calle General O\u2019Donell, 7 Bajo D \u2013 03003 Alicante (Alacant). Email : administracion@sabole.es<\/p>\n<h3>2. CARACT\u00c8RE OBLIGATOIRE OU FACULTATIF DES INFORMATIONS FOURNIES PAR L\u2019UTILISATEUR<\/h3>\n<p>En cochant les cases correspondantes et en saisissant des donn\u00e9es dans les champs marqu\u00e9s d\u2019un ast\u00e9risque (*) dans le formulaire de contact ou pr\u00e9sent\u00e9s dans les formulaires de t\u00e9l\u00e9chargement, les UTILISATEURS acceptent express\u00e9ment, librement et sans \u00e9quivoque, que leurs donn\u00e9es sont n\u00e9cessaires pour r\u00e9pondre \u00e0 leur demande par le prestataire, l\u2019inclusion de donn\u00e9es dans les autres champs \u00e9tant facultative. L\u2019UTILISATEUR garantit que les donn\u00e9es personnelles fournies au RESPONSABLE sont v\u00e9ridiques et s\u2019engage \u00e0 communiquer toute modification de celles-ci.<\/p>\n<p>Le RESPONSABLE informe que toutes les donn\u00e9es demand\u00e9es \u00e0 travers le site web sont obligatoires, puisqu\u2019elles sont n\u00e9cessaires pour fournir \u00e0 l\u2019UTILISATEUR un service optimal. Dans le cas o\u00f9 toutes les donn\u00e9es ne seraient pas fournies, il n\u2019est pas garanti que les informations et services fournis correspondent pleinement \u00e0 ses besoins.<\/p>\n<h3>3. MESURES DE S\u00c9CURIT\u00c9<\/h3>\n<p>Conform\u00e9ment aux dispositions de la r\u00e9glementation en vigueur en mati\u00e8re de protection des donn\u00e9es personnelles, le RESPONSABLE respecte toutes les dispositions du RGPD et de la LOPDGDD pour le traitement des donn\u00e9es personnelles dont il a la responsabilit\u00e9, et notamment les principes \u00e9nonc\u00e9s \u00e0 l\u2019article 5 du RGPD, selon lesquels les donn\u00e9es sont trait\u00e9es de mani\u00e8re licite, loyale et transparente \u00e0 l\u2019\u00e9gard de la personne concern\u00e9e, et sont ad\u00e9quates, pertinentes et limit\u00e9es \u00e0 ce qui est n\u00e9cessaire au regard des finalit\u00e9s pour lesquelles elles sont trait\u00e9es.<\/p>\n<p>Le RESPONSABLE garantit avoir mis en \u0153uvre des politiques techniques et organisationnelles appropri\u00e9es pour appliquer les mesures de s\u00e9curit\u00e9 \u00e9tablies par le RGPD et la LOPDGDD, afin de prot\u00e9ger les droits et libert\u00e9s des UTILISATEURS et leur avoir communiqu\u00e9 les informations ad\u00e9quates pour qu\u2019ils puissent les exercer.<\/p>\n<p>Pour plus d\u2019informations sur les garanties de confidentialit\u00e9, vous pouvez contacter le RESPONSABLE \u00e0 l\u2019adresse suivante : MARIA ALEJANDRA CEDE\u00d1O CONTRERAS. Calle General O\u2019Donell, 7 Bajo D \u2013 03003 Alicante (Alacant). Email : administracion@sabole.es<\/p>\n\n\t\t<\/div>\n\t<\/div>\n<\/div><\/div><\/div><\/div><\/div><\/div><\/section>\n<\/div>","protected":false},"excerpt":{"rendered":"Pol\u00edtica de privacidad 1. INFORMACI\u00d3N AL USUARIO \u00bfQui\u00e9n es el responsable del tratamiento de tus...","protected":false},"author":1,"featured_media":0,"parent":0,"menu_order":0,"comment_status":"closed","ping_status":"closed","template":"","meta":{"footnotes":""},"class_list":["post-886","page","type-page","status-publish","hentry"],"yoast_head":"<!-- This site is optimized with the Yoast SEO plugin v24.5 - https:\/\/yoast.com\/wordpress\/plugins\/seo\/ -->\n<title>Pol\u00edtica de privacidad - Sabol\u00e9<\/title>\n<meta name=\"robots\" content=\"index, follow, max-snippet:-1, max-image-preview:large, max-video-preview:-1\" \/>\n<link rel=\"canonical\" href=\"https:\/\/sabole.es\/fr\/politica-de-privacidad\/\" \/>\n<meta property=\"og:locale\" content=\"fr_FR\" \/>\n<meta property=\"og:type\" content=\"article\" \/>\n<meta property=\"og:title\" content=\"Pol\u00edtica de privacidad - Sabol\u00e9\" \/>\n<meta property=\"og:url\" content=\"https:\/\/sabole.es\/fr\/politica-de-privacidad\/\" \/>\n<meta property=\"og:site_name\" content=\"Sabol\u00e9\" \/>\n<meta property=\"article:publisher\" content=\"https:\/\/www.instagram.com\/sabole.alicante\/\" \/>\n<meta property=\"article:modified_time\" content=\"2025-10-03T12:33:26+00:00\" \/>\n<meta name=\"twitter:card\" content=\"summary_large_image\" \/>\n<meta name=\"twitter:label1\" content=\"Dur\u00e9e de lecture estim\u00e9e\" \/>\n\t<meta name=\"twitter:data1\" content=\"4 minutes\" \/>\n<script type=\"application\/ld+json\" class=\"yoast-schema-graph\">{\"@context\":\"https:\/\/schema.org\",\"@graph\":[{\"@type\":\"WebPage\",\"@id\":\"https:\/\/sabole.es\/politica-de-privacidad\/\",\"url\":\"https:\/\/sabole.es\/politica-de-privacidad\/\",\"name\":\"Pol\u00edtica de privacidad - Sabol\u00e9\",\"isPartOf\":{\"@id\":\"https:\/\/sabole.es\/#website\"},\"datePublished\":\"2025-10-03T12:32:37+00:00\",\"dateModified\":\"2025-10-03T12:33:26+00:00\",\"breadcrumb\":{\"@id\":\"https:\/\/sabole.es\/politica-de-privacidad\/#breadcrumb\"},\"inLanguage\":\"fr-FR\",\"potentialAction\":[{\"@type\":\"ReadAction\",\"target\":[\"https:\/\/sabole.es\/politica-de-privacidad\/\"]}]},{\"@type\":\"BreadcrumbList\",\"@id\":\"https:\/\/sabole.es\/politica-de-privacidad\/#breadcrumb\",\"itemListElement\":[{\"@type\":\"ListItem\",\"position\":1,\"name\":\"Portada\",\"item\":\"https:\/\/sabole.es\/\"},{\"@type\":\"ListItem\",\"position\":2,\"name\":\"Pol\u00edtica de privacidad\"}]},{\"@type\":\"WebSite\",\"@id\":\"https:\/\/sabole.es\/#website\",\"url\":\"https:\/\/sabole.es\/\",\"name\":\"Sabol\u00e9\",\"description\":\"Restaurante venezolano en Alicante\",\"publisher\":{\"@id\":\"https:\/\/sabole.es\/#organization\"},\"potentialAction\":[{\"@type\":\"SearchAction\",\"target\":{\"@type\":\"EntryPoint\",\"urlTemplate\":\"https:\/\/sabole.es\/?s={search_term_string}\"},\"query-input\":{\"@type\":\"PropertyValueSpecification\",\"valueRequired\":true,\"valueName\":\"search_term_string\"}}],\"inLanguage\":\"fr-FR\"},{\"@type\":\"Organization\",\"@id\":\"https:\/\/sabole.es\/#organization\",\"name\":\"Sabol\u00e9\",\"url\":\"https:\/\/sabole.es\/\",\"logo\":{\"@type\":\"ImageObject\",\"inLanguage\":\"fr-FR\",\"@id\":\"https:\/\/sabole.es\/#\/schema\/logo\/image\/\",\"url\":\"https:\/\/sabole.es\/wp-content\/uploads\/2024\/10\/Sabole-Web-LogoSabole-Yellow.svg\",\"contentUrl\":\"https:\/\/sabole.es\/wp-content\/uploads\/2024\/10\/Sabole-Web-LogoSabole-Yellow.svg\",\"width\":1,\"height\":1,\"caption\":\"Sabol\u00e9\"},\"image\":{\"@id\":\"https:\/\/sabole.es\/#\/schema\/logo\/image\/\"},\"sameAs\":[\"https:\/\/www.instagram.com\/sabole.alicante\/\"]}]}<\/script>\n<!-- \/ Yoast SEO plugin. -->","yoast_head_json":{"title":"Pol\u00edtica de privacidad - Sabol\u00e9","robots":{"index":"index","follow":"follow","max-snippet":"max-snippet:-1","max-image-preview":"max-image-preview:large","max-video-preview":"max-video-preview:-1"},"canonical":"https:\/\/sabole.es\/fr\/politica-de-privacidad\/","og_locale":"fr_FR","og_type":"article","og_title":"Pol\u00edtica de privacidad - Sabol\u00e9","og_url":"https:\/\/sabole.es\/fr\/politica-de-privacidad\/","og_site_name":"Sabol\u00e9","article_publisher":"https:\/\/www.instagram.com\/sabole.alicante\/","article_modified_time":"2025-10-03T12:33:26+00:00","twitter_card":"summary_large_image","twitter_misc":{"Dur\u00e9e de lecture estim\u00e9e":"4 minutes"},"schema":{"@context":"https:\/\/schema.org","@graph":[{"@type":"WebPage","@id":"https:\/\/sabole.es\/politica-de-privacidad\/","url":"https:\/\/sabole.es\/politica-de-privacidad\/","name":"Pol\u00edtica de privacidad - Sabol\u00e9","isPartOf":{"@id":"https:\/\/sabole.es\/#website"},"datePublished":"2025-10-03T12:32:37+00:00","dateModified":"2025-10-03T12:33:26+00:00","breadcrumb":{"@id":"https:\/\/sabole.es\/politica-de-privacidad\/#breadcrumb"},"inLanguage":"fr-FR","potentialAction":[{"@type":"ReadAction","target":["https:\/\/sabole.es\/politica-de-privacidad\/"]}]},{"@type":"BreadcrumbList","@id":"https:\/\/sabole.es\/politica-de-privacidad\/#breadcrumb","itemListElement":[{"@type":"ListItem","position":1,"name":"Portada","item":"https:\/\/sabole.es\/"},{"@type":"ListItem","position":2,"name":"Pol\u00edtica de privacidad"}]},{"@type":"WebSite","@id":"https:\/\/sabole.es\/#website","url":"https:\/\/sabole.es\/","name":"Sabol\u00e9","description":"Restaurante venezolano en Alicante","publisher":{"@id":"https:\/\/sabole.es\/#organization"},"potentialAction":[{"@type":"SearchAction","target":{"@type":"EntryPoint","urlTemplate":"https:\/\/sabole.es\/?s={search_term_string}"},"query-input":{"@type":"PropertyValueSpecification","valueRequired":true,"valueName":"search_term_string"}}],"inLanguage":"fr-FR"},{"@type":"Organization","@id":"https:\/\/sabole.es\/#organization","name":"Sabol\u00e9","url":"https:\/\/sabole.es\/","logo":{"@type":"ImageObject","inLanguage":"fr-FR","@id":"https:\/\/sabole.es\/#\/schema\/logo\/image\/","url":"https:\/\/sabole.es\/wp-content\/uploads\/2024\/10\/Sabole-Web-LogoSabole-Yellow.svg","contentUrl":"https:\/\/sabole.es\/wp-content\/uploads\/2024\/10\/Sabole-Web-LogoSabole-Yellow.svg","width":1,"height":1,"caption":"Sabol\u00e9"},"image":{"@id":"https:\/\/sabole.es\/#\/schema\/logo\/image\/"},"sameAs":["https:\/\/www.instagram.com\/sabole.alicante\/"]}]}},"_links":{"self":[{"href":"https:\/\/sabole.es\/fr\/wp-json\/wp\/v2\/pages\/886","targetHints":{"allow":["GET"]}}],"collection":[{"href":"https:\/\/sabole.es\/fr\/wp-json\/wp\/v2\/pages"}],"about":[{"href":"https:\/\/sabole.es\/fr\/wp-json\/wp\/v2\/types\/page"}],"author":[{"embeddable":true,"href":"https:\/\/sabole.es\/fr\/wp-json\/wp\/v2\/users\/1"}],"replies":[{"embeddable":true,"href":"https:\/\/sabole.es\/fr\/wp-json\/wp\/v2\/comments?post=886"}],"version-history":[{"count":1,"href":"https:\/\/sabole.es\/fr\/wp-json\/wp\/v2\/pages\/886\/revisions"}],"predecessor-version":[{"id":887,"href":"https:\/\/sabole.es\/fr\/wp-json\/wp\/v2\/pages\/886\/revisions\/887"}],"wp:attachment":[{"href":"https:\/\/sabole.es\/fr\/wp-json\/wp\/v2\/media?parent=886"}],"curies":[{"name":"wp","href":"https:\/\/api.w.org\/{rel}","templated":true}]}}